{"id":112497,"date":"2025-11-07T11:46:14","date_gmt":"2025-11-07T16:46:14","guid":{"rendered":"https:\/\/www.imsalud.gov.co\/web\/?page_id=112497"},"modified":"2025-11-10T08:33:35","modified_gmt":"2025-11-10T13:33:35","slug":"subgerencia-administrativa-y-financiera","status":"publish","type":"page","link":"https:\/\/www.imsalud.gov.co\/web\/index\/nosotros\/dependencias\/subgerencia-administrativa-y-financiera\/","title":{"rendered":"Subgerencia Administrativa y Financiera"},"content":{"rendered":"\n  <div id=\"page-header-933111752\" class=\"page-header-wrapper\">\n  <div class=\"page-title dark featured-title\">\n\n    \n    <div class=\"page-title-inner container align-center text-center flex-row-col medium-flex-wrap\" >\n              <div class=\"title-wrapper uppercase flex-col\">\n          <h1 class=\"entry-title mb-0\">\n            Subgerencia Administrativa y Financiera          <\/h1>\n        <\/div>\n                    <div class=\"title-content flex-col\">\n        <ul class=\"nav sm-touch-scroll nav-line nav-uppercase text-center nav-center\"><li class=\"nav-single-page hidden\"><\/li><\/ul>      <\/div>\n    <\/div>\n\n     \n<style>\n#page-header-933111752 {\n  margin-bottom: 0px;\n}\n<\/style>\n  <\/div>\n    <\/div>\n  \n\n\t<div id=\"gap-186509086\" class=\"gap-element clearfix\" style=\"display:block; height:auto;\">\n\t\t\n<style>\n#gap-186509086 {\n  padding-top: 30px;\n}\n<\/style>\n\t<\/div>\n\t\n\n<div class=\"row\"  id=\"row-874052383\">\n\n\n\t<div id=\"col-1305055112\" class=\"col small-12 large-12\"  >\n\t\t\t\t<div class=\"col-inner\"  >\n\t\t\t\n\t\t\t\n\n<p>\u00c1rea de apoyo responsable de la sostenibilidad y el fortalecimiento institucional. A trav\u00e9s de una gesti\u00f3n financiera rigurosa que garantiza el equilibrio econ\u00f3mico y financiero de la ESE Imsalud, formalizando los planes de adquisici\u00f3n y de administraci\u00f3n de bienes y servicios contratados. Nuestro compromiso se extiende al capital humano, impulsando un entorno de trabajo que fomenta el desarrollo profesional y una cultura de integridad al servicio, alineando el crecimiento individual con los objetivos de Imsalud.<\/p>\n<div class=\"text-center\"><div class=\"is-divider divider clearfix\" style=\"margin-top:0em;margin-bottom:0em;max-width:100%;height:2px;\"><\/div><\/div>\n\n\n\t\t<\/div>\n\t\t\t\t\t<\/div>\n\n\t\n\n\t<div id=\"col-1495695915\" class=\"col small-12 large-12\"  >\n\t\t\t\t<div class=\"col-inner\"  >\n\t\t\t\n\t\t\t\n\n    <div class=\"box has-hover has-hover box-vertical box-text-bottom\" >\n\n                  <div class=\"box-image image-zoom-long\" style=\"width:37%;\">\n           <div class=\"box-image-inner image-cover\" style=\"border-radius:2%;padding-top:192%;\">\n              <img loading=\"lazy\" decoding=\"async\" width=\"848\" height=\"1280\" src=\"https:\/\/www.imsalud.gov.co\/web\/wp-content\/uploads\/2025\/11\/Briggitte-florez-foto.jpg\" class=\"attachment- size-\" alt=\"\" srcset=\"https:\/\/www.imsalud.gov.co\/web\/wp-content\/uploads\/2025\/11\/Briggitte-florez-foto.jpg 848w, https:\/\/www.imsalud.gov.co\/web\/wp-content\/uploads\/2025\/11\/Briggitte-florez-foto-199x300.jpg 199w, https:\/\/www.imsalud.gov.co\/web\/wp-content\/uploads\/2025\/11\/Briggitte-florez-foto-678x1024.jpg 678w, https:\/\/www.imsalud.gov.co\/web\/wp-content\/uploads\/2025\/11\/Briggitte-florez-foto-768x1159.jpg 768w\" sizes=\"auto, (max-width: 848px) 100vw, 848px\" \/>                         <\/div>\n          <\/div>\n         \n          <div class=\"box-text text-left\" >\n                <div class=\"box-text-inner\">\n                  <h4 class=\"uppercase\">\n                    <span class=\"person-name\"><\/span><br\/>\n                    <span class=\"person-title is-small thin-font op-7\">\n                                          <\/span>\n                  <\/h4>\n\t\t\t\t\t\n\n<h2>DALGY BRIGITTE FL\u00d3REZ ACEVEDO<\/h2>\n<p><strong>SUBGERENTE ADMINISTRATIVA Y FINANCIERA<\/strong><\/p>\n<div class=\"is-divider divider clearfix\" style=\"max-width:72%;height:2px;\"><\/div>\n\n<p>Profesional con especializaci\u00f3n en Gerencia Financiera y Maestr\u00eda en Administraci\u00f3n, con una s\u00f3lida trayectoria en el sector p\u00fablico, particularmente en la direcci\u00f3n, planeaci\u00f3n y control de \u00e1reas administrativas, financieras y contables. Mi experiencia ha estado orientada al fortalecimiento de la gesti\u00f3n institucional, la optimizaci\u00f3n de los recursos y la consolidaci\u00f3n de procesos eficientes y transparentes que garanticen la sostenibilidad fiscal y el cumplimiento de los objetivos misionales.<\/p>\n<p>A lo largo de mi carrera, he liderado la formulaci\u00f3n, ejecuci\u00f3n y seguimiento de presupuestos p\u00fablicos, as\u00ed como la implementaci\u00f3n de estrategias financieras enfocadas en la eficiencia del gasto, la racionalizaci\u00f3n de costos y la maximizaci\u00f3n del impacto social de la inversi\u00f3n p\u00fablica. Mi gesti\u00f3n se ha caracterizado por un enfoque \u00e9tico, t\u00e9cnico y estrat\u00e9gico, respaldado en una visi\u00f3n integral de la administraci\u00f3n p\u00fablica y en un conocimiento profundo de la normatividad presupuestal, contable y contractual.<\/p>\n<p>Poseo competencias sobresalientes en planeaci\u00f3n financiera, an\u00e1lisis econ\u00f3mico, gesti\u00f3n presupuestaria, control interno y rendici\u00f3n de cuentas, lo que le ha permitido dise\u00f1ar y ejecutar pol\u00edticas orientadas a la sostenibilidad financiera y a la modernizaci\u00f3n de la gesti\u00f3n p\u00fablica. Mi liderazgo promueve el trabajo colaborativo, la toma de decisiones basadas en evidencia y la mejora continua, consolidando equipos comprometidos con la eficiencia institucional y la generaci\u00f3n de valor p\u00fablico.<\/p>\n<p>Mi principal prop\u00f3sito profesional es contribuir al fortalecimiento de las entidades del Estado mediante una administraci\u00f3n responsable, transparente y estrat\u00e9gica de los recursos, que fomente la confianza ciudadana y el desarrollo sostenible. De igual forma, busco aportar a la innovaci\u00f3n en la gesti\u00f3n p\u00fablica a trav\u00e9s de la incorporaci\u00f3n de herramientas tecnol\u00f3gicas, la planificaci\u00f3n a largo plazo y la articulaci\u00f3n interinstitucional como ejes fundamentales de una gesti\u00f3n moderna\u00a0y\u00a0efectiva.<\/p>\n\n                <\/div>\n          <\/div>\n    <\/div>\n\n\t\n    \n\n\t\t<\/div>\n\t\t\t\t\n<style>\n#col-1495695915 > .col-inner {\n  margin: -20px 0px 0px 0px;\n}\n<\/style>\n\t<\/div>\n\n\t\n\n<\/div>\n<div class=\"row row-small align-center\"  id=\"row-645703530\">\n\n\n\t<div id=\"col-1127235022\" class=\"col medium-4 small-12 large-4\"  >\n\t\t\t\t<div class=\"col-inner\"  >\n\t\t\t\n\t\t\t\n\n<a href=\"mailto:subfinanciera@imsalud.gov.co\" target=\"_blank\" class=\"button primary is-outline lowercase expand\" rel=\"noopener\" style=\"border-radius:10px;\">\n\t<i class=\"icon-envelop\" aria-hidden=\"true\"><\/i>\t<span>subfinanciera@imsalud.gov.co<\/span>\n\t<\/a>\n\n\n\n\t\t<\/div>\n\t\t\t\t\t<\/div>\n\n\t\n\n\t<div id=\"col-1744499618\" class=\"col medium-4 small-12 large-4\"  >\n\t\t\t\t<div class=\"col-inner\"  >\n\t\t\t\n\t\t\t\n\n<a class=\"button primary lowercase expand\" style=\"border-radius:7px;\">\n\t<i class=\"icon-phone\" aria-hidden=\"true\"><\/i>\t<span>+57 607 578 4980 ext: xxx<\/span>\n\t<\/a>\n\n\n\n\t\t<\/div>\n\t\t\t\t\t<\/div>\n\n\t\n\n<\/div>\n\n","protected":false},"excerpt":{"rendered":"","protected":false},"author":35,"featured_media":0,"parent":39284,"menu_order":0,"comment_status":"closed","ping_status":"closed","template":"","meta":{"footnotes":""},"class_list":["post-112497","page","type-page","status-publish","hentry"],"_links":{"self":[{"href":"https:\/\/www.imsalud.gov.co\/web\/wp-json\/wp\/v2\/pages\/112497","targetHints":{"allow":["GET"]}}],"collection":[{"href":"https:\/\/www.imsalud.gov.co\/web\/wp-json\/wp\/v2\/pages"}],"about":[{"href":"https:\/\/www.imsalud.gov.co\/web\/wp-json\/wp\/v2\/types\/page"}],"author":[{"embeddable":true,"href":"https:\/\/www.imsalud.gov.co\/web\/wp-json\/wp\/v2\/users\/35"}],"replies":[{"embeddable":true,"href":"https:\/\/www.imsalud.gov.co\/web\/wp-json\/wp\/v2\/comments?post=112497"}],"version-history":[{"count":5,"href":"https:\/\/www.imsalud.gov.co\/web\/wp-json\/wp\/v2\/pages\/112497\/revisions"}],"predecessor-version":[{"id":112573,"href":"https:\/\/www.imsalud.gov.co\/web\/wp-json\/wp\/v2\/pages\/112497\/revisions\/112573"}],"up":[{"embeddable":true,"href":"https:\/\/www.imsalud.gov.co\/web\/wp-json\/wp\/v2\/pages\/39284"}],"wp:attachment":[{"href":"https:\/\/www.imsalud.gov.co\/web\/wp-json\/wp\/v2\/media?parent=112497"}],"curies":[{"name":"wp","href":"https:\/\/api.w.org\/{rel}","templated":true}]}}